{"id":3843,"date":"2022-08-02T14:16:37","date_gmt":"2022-08-02T12:16:37","guid":{"rendered":"https:\/\/www.dieagentur-gmbh.de\/?page_id=3843"},"modified":"2025-04-01T15:18:49","modified_gmt":"2025-04-01T13:18:49","slug":"home","status":"publish","type":"page","link":"https:\/\/www.dieagentur-gmbh.de\/","title":{"rendered":"home"},"content":{"rendered":"\t\t<div data-elementor-type=\"wp-page\" data-elementor-id=\"3843\" class=\"elementor elementor-3843\">\n\t\t\t\t\t\t<section class=\"elementor-section elementor-top-section elementor-element elementor-element-fb0b34c elementor-section-boxed elementor-section-height-default elementor-section-height-default\" data-id=\"fb0b34c\" data-element_type=\"section\">\n\t\t\t\t\t\t<div class=\"elementor-container elementor-column-gap-default\">\n\t\t\t\t\t<div class=\"elementor-column elementor-col-100 elementor-top-column elementor-element elementor-element-2e796178\" data-id=\"2e796178\" data-element_type=\"column\">\n\t\t\t<div class=\"elementor-widget-wrap elementor-element-populated\">\n\t\t\t\t\t\t<div class=\"elementor-element elementor-element-281dd698 elementor-widget elementor-widget-shortcode\" data-id=\"281dd698\" data-element_type=\"widget\" data-widget_type=\"shortcode.default\">\n\t\t\t\t<div class=\"elementor-widget-container\">\n\t\t\t\t\t<div class=\"elementor-shortcode\"><style type=\"text\/css\">\n<\/style><div id=\"feed_dynamic_classmceyqfbmej_business\" class=\"fts-instagram-inline-block-centered feed_dynamic_classmceyqfbmej_business\"  data-ftsi-columns=\"3\" data-ftsi-columns-tablet=\"2\" data-ftsi-columns-mobile=\"1\" data-ftsi-force-columns=\"\" data-ftsi-margin=\"1px\" data-ftsi-height=\"\">                            <div class=\"slicker-instagram-placeholder fts-instagram-wrapper\" style=\"background-image:url('https:\/\/scontent-fra5-1.cdninstagram.com\/v\/t51.71878-15\/670599570_930874573161897_2085265094890260312_n.jpg?stp=dst-jpg_e35_tt6&#038;_nc_cat=100&#038;ccb=7-5&#038;_nc_sid=18de74&#038;efg=eyJlZmdfdGFnIjoiQ0xJUFMuYmVzdF9pbWFnZV91cmxnZW4uQzMifQ%3D%3D&#038;_nc_ohc=JkiAoJAcf8wQ7kNvwEJA_qn&#038;_nc_oc=AdpB_reLg6XY_BZHtkU9vhraifNhYNrsF4rW9fj6ctDp5OVGsUjKL5Sk56Q9BORtWzM&#038;_nc_zt=23&#038;_nc_ht=scontent-fra5-1.cdninstagram.com&#038;edm=AEQ6tj4EAAAA&#038;_nc_gid=BIqD8fdfz1rxMK3fp-HD0g&#038;_nc_tpa=Q5bMBQESaUAhR6N21Vq0Ic18TjMWCcCF9mTh_WcfEIhnY0CT2SHD9bm4C_C_47vbBquk4JhOkLJmhcaIVA&#038;oh=00_Af58wfLIHopFnvu5BHeY6LUGE-Ch0iglZNKad3YNsx6Row&#038;oe=69FBDFC5')\">\n                                            <a href='https:\/\/www.instagram.com\/reel\/DXG4iJoCFhB\/' title='Posted by @kaipflaume \nPflaume zum Kaltaufgie\u00dfen? Gab\u2019s bisher nicht \ud83d\ude2e\ud83d\udc9c, \naber jetzt gibt es einen Neuzugang im Me\u00dfmer Cold Tea Sortiment. Ob Sport oder cooler Genuss: Pflaume ha\u0308lt, was er verspricht. \ud83d\ude0d\n#BringWowInDeineFlasche #StayHydrated #Me\u00dfmer #ColdTea' target=\"_blank\" rel=\"noreferrer\" class='fts-instagram-link-target fts-slicker-backg\n                         fts-instagram-img-link' style=\"height:65px !important; width:65px; line-height:65px; font-size:65px;\"><span class=\"fts-instagram-icon\" style=\"height:65px; width:65px; line-height:65px; font-size:65px;\"><\/span><\/a>\n                                                    <div class=\"fts-instagram-video-image-wrapper\"><div class=\"fts-instagram-video-image\"><\/div><\/div>\n                            \n                        <div class='slicker-date'>\n\n                            <div class=\"fts-insta-date-popup-grab\">\n                            Dienstag, April 14th, 2026 at 11:49a.m.                            <\/div>\n                        <\/div>\n                    <div class='slicker-instaG-backg-link'>\n\n                        <div class='slicker-instaG-photoshadow'><\/div>\n                    <\/div>\n                        <div class=\"fts-insta-likes-comments-grab-popup\">\n\n                            <div class=\"fts-share-wrap\"><a href=\"javascript:;\" class=\"ft-gallery-link-popup\" title=\"Social-Share-Optionen\"><\/a><div class=\"ft-gallery-share-wrap\"><a href=\"https:\/\/www.facebook.com\/sharer\/sharer.php?u=https:\/\/www.instagram.com\/reel\/DXG4iJoCFhB\/\" target=\"_blank\" rel=\"noreferrer\" class=\"ft-galleryfacebook-icon\" title=\"Share this post on Facebook\"><i class=\"fa fa-facebook-square\"><\/i><\/a><a href=\"https:\/\/twitter.com\/intent\/tweet?text=https:\/\/www.instagram.com\/reel\/DXG4iJoCFhB\/+Posted by @kaipflaume \nPflaume zum Kaltaufgie\u00dfen? Gab\u2019s bisher nicht \ud83d\ude2e\ud83d\udc9c, \naber jetzt gibt es einen Neuzugang im Me\u00dfmer Cold Tea Sortiment. Ob Sport oder cooler Genuss: Pflaume ha\u0308lt, was er verspricht. \ud83d\ude0d\n#BringWowInDeineFlasche #StayHydrated #Me\u00dfmer #ColdTea\" target=\"_blank\" rel=\"noreferrer\" class=\"ft-gallerytwitter-icon\" title=\"Share this post on Twitter\"><i class=\"fa fa-twitter\"><\/i><\/a><a href=\"https:\/\/www.linkedin.com\/shareArticle?mini=true&amp;url=https:\/\/www.instagram.com\/reel\/DXG4iJoCFhB\/\" target=\"_blank\" rel=\"noreferrer\" class=\"ft-gallerylinkedin-icon\" title=\"Share this post on Linkedin\"><i class=\"fa fa-linkedin\"><\/i><\/a><a href=\"mailto:?subject=Shared Link&amp;body=https:\/\/www.instagram.com\/reel\/DXG4iJoCFhB\/ - Posted by @kaipflaume \nPflaume zum Kaltaufgie\u00dfen? Gab\u2019s bisher nicht \ud83d\ude2e\ud83d\udc9c, \naber jetzt gibt es einen Neuzugang im Me\u00dfmer Cold Tea Sortiment. Ob Sport oder cooler Genuss: Pflaume ha\u0308lt, was er verspricht. \ud83d\ude0d\n#BringWowInDeineFlasche #StayHydrated #Me\u00dfmer #ColdTea\" target=\"_blank\" rel=\"noreferrer\" class=\"ft-galleryemail-icon\" title=\"Share this post in your email\"><i class=\"fa fa-envelope\"><\/i><\/a><\/div><\/div>                                    <div class=\"fts-instagram-reply-wrap-left\">\n                                        <ul class='slicker-heart-comments-wrap'>\n                                            <li class='slicker-instagram-image-likes'>4 <\/li>\n                                            <li class='slicker-instagram-image-comments'>\n                                                <span class=\"fts-comment-instagram\"><\/span> 0                                            <\/li>\n                                        <\/ul>\n                                    <\/div>\n                                                        <\/div>\n                <\/div>\n                                                <div class=\"slicker-instagram-placeholder fts-instagram-wrapper\" style=\"background-image:url('https:\/\/scontent-fra5-1.cdninstagram.com\/v\/t51.82787-15\/670563939_18394862110157634_8235294806424844092_n.jpg?stp=dst-jpg_e35_tt6&#038;_nc_cat=102&#038;ccb=7-5&#038;_nc_sid=18de74&#038;efg=eyJlZmdfdGFnIjoiQ0xJUFMuYmVzdF9pbWFnZV91cmxnZW4uQzMifQ%3D%3D&#038;_nc_ohc=B7JtPeXjfYYQ7kNvwFyzbZL&#038;_nc_oc=AdoQSJK4WY78VNzRqdjqije4gCkYVOrUFy2MVAvsMjp6Y39d-r6ZNhvMj_4XWKIDkDo&#038;_nc_zt=23&#038;_nc_ht=scontent-fra5-1.cdninstagram.com&#038;edm=AEQ6tj4EAAAA&#038;_nc_gid=yDn3pFaPKYluXJXjDj-iFA&#038;_nc_tpa=Q5bMBQG2LVYC_GekkFqSOglMGkTBVyzoOtqQi2hIjl7lPpqBQHnDro-irhkozpfZTr1YmC7bB3ivjqy_lA&#038;oh=00_Af583LR4ih1nXDRdXaZKwXX2cTFRbXQDilCECH5fdwEUsw&#038;oe=69FBDE1C')\">\n                                            <a href='https:\/\/www.instagram.com\/reel\/DW_iMYICPRy\/' title='Posted by @kaipflaume \nMorgen Abend gibt es wieder eine #WerWeissDennSowas XXL Ausgabe und du kannst dich, wie immer auf spannenden Fragen, effektvolle Experimente von den @physikanten und tolle Ga\u0308ste freuen. \nDieses Mal sind unsere Rateteams\u2026\n@haraldkrassnitzer und #DietmarBa\u0308r\n@ilkabessin und Kaya Yanar @kaya.tv \nPalina Rojinski @palinski und @vincentgross \nAlso auf jeden Fall einschalten, Spa\u00df haben und vielleicht auch noch ein bisschen was lernen \ud83e\udd17\nBist du Team @bernhardhoecker oder Team @wotanwilke ?' target=\"_blank\" rel=\"noreferrer\" class='fts-instagram-link-target fts-slicker-backg\n                         fts-instagram-img-link' style=\"height:65px !important; width:65px; line-height:65px; font-size:65px;\"><span class=\"fts-instagram-icon\" style=\"height:65px; width:65px; line-height:65px; font-size:65px;\"><\/span><\/a>\n                                                    <div class=\"fts-instagram-video-image-wrapper\"><div class=\"fts-instagram-video-image\"><\/div><\/div>\n                            \n                        <div class='slicker-date'>\n\n                            <div class=\"fts-insta-date-popup-grab\">\n                            Samstag, April 11th, 2026 at 3:17p.m.                            <\/div>\n                        <\/div>\n                    <div class='slicker-instaG-backg-link'>\n\n                        <div class='slicker-instaG-photoshadow'><\/div>\n                    <\/div>\n                        <div class=\"fts-insta-likes-comments-grab-popup\">\n\n                            <div class=\"fts-share-wrap\"><a href=\"javascript:;\" class=\"ft-gallery-link-popup\" title=\"Social-Share-Optionen\"><\/a><div class=\"ft-gallery-share-wrap\"><a href=\"https:\/\/www.facebook.com\/sharer\/sharer.php?u=https:\/\/www.instagram.com\/reel\/DW_iMYICPRy\/\" target=\"_blank\" rel=\"noreferrer\" class=\"ft-galleryfacebook-icon\" title=\"Share this post on Facebook\"><i class=\"fa fa-facebook-square\"><\/i><\/a><a href=\"https:\/\/twitter.com\/intent\/tweet?text=https:\/\/www.instagram.com\/reel\/DW_iMYICPRy\/+Posted by @kaipflaume \nMorgen Abend gibt es wieder eine #WerWeissDennSowas XXL Ausgabe und du kannst dich, wie immer auf spannenden Fragen, effektvolle Experimente von den @physikanten und tolle Ga\u0308ste freuen. \nDieses Mal sind unsere Rateteams\u2026\n@haraldkrassnitzer und #DietmarBa\u0308r\n@ilkabessin und Kaya Yanar @kaya.tv \nPalina Rojinski @palinski und @vincentgross \nAlso auf jeden Fall einschalten, Spa\u00df haben und vielleicht auch noch ein bisschen was lernen \ud83e\udd17\nBist du Team @bernhardhoecker oder Team @wotanwilke ?\" target=\"_blank\" rel=\"noreferrer\" class=\"ft-gallerytwitter-icon\" title=\"Share this post on Twitter\"><i class=\"fa fa-twitter\"><\/i><\/a><a href=\"https:\/\/www.linkedin.com\/shareArticle?mini=true&amp;url=https:\/\/www.instagram.com\/reel\/DW_iMYICPRy\/\" target=\"_blank\" rel=\"noreferrer\" class=\"ft-gallerylinkedin-icon\" title=\"Share this post on Linkedin\"><i class=\"fa fa-linkedin\"><\/i><\/a><a href=\"mailto:?subject=Shared Link&amp;body=https:\/\/www.instagram.com\/reel\/DW_iMYICPRy\/ - Posted by @kaipflaume \nMorgen Abend gibt es wieder eine #WerWeissDennSowas XXL Ausgabe und du kannst dich, wie immer auf spannenden Fragen, effektvolle Experimente von den @physikanten und tolle Ga\u0308ste freuen. \nDieses Mal sind unsere Rateteams\u2026\n@haraldkrassnitzer und #DietmarBa\u0308r\n@ilkabessin und Kaya Yanar @kaya.tv \nPalina Rojinski @palinski und @vincentgross \nAlso auf jeden Fall einschalten, Spa\u00df haben und vielleicht auch noch ein bisschen was lernen \ud83e\udd17\nBist du Team @bernhardhoecker oder Team @wotanwilke ?\" target=\"_blank\" rel=\"noreferrer\" class=\"ft-galleryemail-icon\" title=\"Share this post in your email\"><i class=\"fa fa-envelope\"><\/i><\/a><\/div><\/div>                                    <div class=\"fts-instagram-reply-wrap-left\">\n                                        <ul class='slicker-heart-comments-wrap'>\n                                            <li class='slicker-instagram-image-likes'>0 <\/li>\n                                            <li class='slicker-instagram-image-comments'>\n                                                <span class=\"fts-comment-instagram\"><\/span> 0                                            <\/li>\n                                        <\/ul>\n                                    <\/div>\n                                                        <\/div>\n                <\/div>\n                                                <div class=\"slicker-instagram-placeholder fts-instagram-wrapper\" style=\"background-image:url('https:\/\/scontent-fra5-2.cdninstagram.com\/v\/t51.71878-15\/657662163_4191433707776684_4974490037020187018_n.jpg?stp=dst-jpg_e35_tt6&#038;_nc_cat=109&#038;ccb=7-5&#038;_nc_sid=18de74&#038;efg=eyJlZmdfdGFnIjoiQ0xJUFMuYmVzdF9pbWFnZV91cmxnZW4uQzMifQ%3D%3D&#038;_nc_ohc=b2F98E8VTcUQ7kNvwHtBYeI&#038;_nc_oc=AdptWcoIaCVLwmpR2lm8ACK7RPTF2fcxolIa-uFqiqHyY1SpK3sV0q19FfC2qRreZDQ&#038;_nc_zt=23&#038;_nc_ht=scontent-fra5-2.cdninstagram.com&#038;edm=AEQ6tj4EAAAA&#038;_nc_gid=uMDzVJ6hAFN1KLv4fyfP1w&#038;_nc_tpa=Q5bMBQGrAVFZNpP5rOMii-3ko4D71b7WHd86ui8cCMZeySDjG8GOu5kCmzoCEwWKL3jgbtyLktlScNRCwA&#038;oh=00_Af525eFO8F9xg0xaB3gouP-_RzAQ5Ge-FQ7ds9PDqPJiuQ&#038;oe=69FBD3C2')\">\n                                            <a href='https:\/\/www.instagram.com\/reel\/DWQxiSziHel\/' title='@fomoclub.podcast \nMarkiert euch diesen Donnerstag den 26.03.! \n\nZwei Meinungen. Null Filter.\nUnd sehr wahrscheinlich komplett unterschiedliche Takes auf alles, was gerade im Internet passiert. \n\nWillkommen im FOMO Club! \ud83d\udc85' target=\"_blank\" rel=\"noreferrer\" class='fts-instagram-link-target fts-slicker-backg\n                         fts-instagram-img-link' style=\"height:65px !important; width:65px; line-height:65px; font-size:65px;\"><span class=\"fts-instagram-icon\" style=\"height:65px; width:65px; line-height:65px; font-size:65px;\"><\/span><\/a>\n                                                    <div class=\"fts-instagram-video-image-wrapper\"><div class=\"fts-instagram-video-image\"><\/div><\/div>\n                            \n                        <div class='slicker-date'>\n\n                            <div class=\"fts-insta-date-popup-grab\">\n                            Dienstag, M\u00e4rz 24th, 2026 at 11:28a.m.                            <\/div>\n                        <\/div>\n                    <div class='slicker-instaG-backg-link'>\n\n                        <div class='slicker-instaG-photoshadow'><\/div>\n                    <\/div>\n                        <div class=\"fts-insta-likes-comments-grab-popup\">\n\n                            <div class=\"fts-share-wrap\"><a href=\"javascript:;\" class=\"ft-gallery-link-popup\" title=\"Social-Share-Optionen\"><\/a><div class=\"ft-gallery-share-wrap\"><a href=\"https:\/\/www.facebook.com\/sharer\/sharer.php?u=https:\/\/www.instagram.com\/reel\/DWQxiSziHel\/\" target=\"_blank\" rel=\"noreferrer\" class=\"ft-galleryfacebook-icon\" title=\"Share this post on Facebook\"><i class=\"fa fa-facebook-square\"><\/i><\/a><a href=\"https:\/\/twitter.com\/intent\/tweet?text=https:\/\/www.instagram.com\/reel\/DWQxiSziHel\/+@fomoclub.podcast \nMarkiert euch diesen Donnerstag den 26.03.! \n\nZwei Meinungen. Null Filter.\nUnd sehr wahrscheinlich komplett unterschiedliche Takes auf alles, was gerade im Internet passiert. \n\nWillkommen im FOMO Club! \ud83d\udc85\" target=\"_blank\" rel=\"noreferrer\" class=\"ft-gallerytwitter-icon\" title=\"Share this post on Twitter\"><i class=\"fa fa-twitter\"><\/i><\/a><a href=\"https:\/\/www.linkedin.com\/shareArticle?mini=true&amp;url=https:\/\/www.instagram.com\/reel\/DWQxiSziHel\/\" target=\"_blank\" rel=\"noreferrer\" class=\"ft-gallerylinkedin-icon\" title=\"Share this post on Linkedin\"><i class=\"fa fa-linkedin\"><\/i><\/a><a href=\"mailto:?subject=Shared Link&amp;body=https:\/\/www.instagram.com\/reel\/DWQxiSziHel\/ - @fomoclub.podcast \nMarkiert euch diesen Donnerstag den 26.03.! \n\nZwei Meinungen. Null Filter.\nUnd sehr wahrscheinlich komplett unterschiedliche Takes auf alles, was gerade im Internet passiert. \n\nWillkommen im FOMO Club! \ud83d\udc85\" target=\"_blank\" rel=\"noreferrer\" class=\"ft-galleryemail-icon\" title=\"Share this post in your email\"><i class=\"fa fa-envelope\"><\/i><\/a><\/div><\/div>                                    <div class=\"fts-instagram-reply-wrap-left\">\n                                        <ul class='slicker-heart-comments-wrap'>\n                                            <li class='slicker-instagram-image-likes'>8 <\/li>\n                                            <li class='slicker-instagram-image-comments'>\n                                                <span class=\"fts-comment-instagram\"><\/span> 0                                            <\/li>\n                                        <\/ul>\n                                    <\/div>\n                                                        <\/div>\n                <\/div>\n                                                <div class=\"slicker-instagram-placeholder fts-instagram-wrapper\" style=\"background-image:url('https:\/\/scontent-fra3-1.cdninstagram.com\/v\/t51.82787-15\/640423137_18388475566157634_7155762874346979615_n.jpg?stp=dst-jpg_e35_tt6&#038;_nc_cat=101&#038;ccb=7-5&#038;_nc_sid=18de74&#038;efg=eyJlZmdfdGFnIjoiQ0xJUFMuYmVzdF9pbWFnZV91cmxnZW4uQzMifQ%3D%3D&#038;_nc_ohc=LuVOTRco75QQ7kNvwEx1j-W&#038;_nc_oc=AdqjQpRCgo0EzYKeRzSg9Xi4VcRX4bWcm9OTTSHqWnLsw8tUG2ysTgUSKiCeclZd6fY&#038;_nc_zt=23&#038;_nc_ht=scontent-fra3-1.cdninstagram.com&#038;edm=AEQ6tj4EAAAA&#038;_nc_gid=7uXddBenTu4DOXLNqWNmOw&#038;_nc_tpa=Q5bMBQGe-WfW9JVSS-h9H2FXdKTX7tkeSU4ccYra_yscNoo6YhGY-mopQdgmNMk6cfb89EqVcOxMU23ehw&#038;oh=00_Af7fiK4POwaWQgwhk2MhoUzOV2UdXAcSl5MM5fz7y1LH0Q&#038;oe=69FBE7A8')\">\n                                            <a href='https:\/\/www.instagram.com\/reel\/DVd-cpqiCUl\/' title='Mario Barth pr\u00e4sentiert auf RTL unvergessliche Stan-Ups der letzten Jahrzehnte! Mit dabei sind Atze Schr\u00f6der, R\u00fcdiger Hoffmann, Helge Schneider, Cindy aus Marzahn, Ren\u00e9 Marik und Herbert G\u00f6rgens\n#legendendercomedy #rtl #Wochenshow' target=\"_blank\" rel=\"noreferrer\" class='fts-instagram-link-target fts-slicker-backg\n                         fts-instagram-img-link' style=\"height:65px !important; width:65px; line-height:65px; font-size:65px;\"><span class=\"fts-instagram-icon\" style=\"height:65px; width:65px; line-height:65px; font-size:65px;\"><\/span><\/a>\n                                                    <div class=\"fts-instagram-video-image-wrapper\"><div class=\"fts-instagram-video-image\"><\/div><\/div>\n                            \n                        <div class='slicker-date'>\n\n                            <div class=\"fts-insta-date-popup-grab\">\n                            Mittwoch, M\u00e4rz 4th, 2026 at 6:02p.m.                            <\/div>\n                        <\/div>\n                    <div class='slicker-instaG-backg-link'>\n\n                        <div class='slicker-instaG-photoshadow'><\/div>\n                    <\/div>\n                        <div class=\"fts-insta-likes-comments-grab-popup\">\n\n                            <div class=\"fts-share-wrap\"><a href=\"javascript:;\" class=\"ft-gallery-link-popup\" title=\"Social-Share-Optionen\"><\/a><div class=\"ft-gallery-share-wrap\"><a href=\"https:\/\/www.facebook.com\/sharer\/sharer.php?u=https:\/\/www.instagram.com\/reel\/DVd-cpqiCUl\/\" target=\"_blank\" rel=\"noreferrer\" class=\"ft-galleryfacebook-icon\" title=\"Share this post on Facebook\"><i class=\"fa fa-facebook-square\"><\/i><\/a><a href=\"https:\/\/twitter.com\/intent\/tweet?text=https:\/\/www.instagram.com\/reel\/DVd-cpqiCUl\/+Mario Barth pr\u00e4sentiert auf RTL unvergessliche Stan-Ups der letzten Jahrzehnte! Mit dabei sind Atze Schr\u00f6der, R\u00fcdiger Hoffmann, Helge Schneider, Cindy aus Marzahn, Ren\u00e9 Marik und Herbert G\u00f6rgens\n#legendendercomedy #rtl #Wochenshow\" target=\"_blank\" rel=\"noreferrer\" class=\"ft-gallerytwitter-icon\" title=\"Share this post on Twitter\"><i class=\"fa fa-twitter\"><\/i><\/a><a href=\"https:\/\/www.linkedin.com\/shareArticle?mini=true&amp;url=https:\/\/www.instagram.com\/reel\/DVd-cpqiCUl\/\" target=\"_blank\" rel=\"noreferrer\" class=\"ft-gallerylinkedin-icon\" title=\"Share this post on Linkedin\"><i class=\"fa fa-linkedin\"><\/i><\/a><a href=\"mailto:?subject=Shared Link&amp;body=https:\/\/www.instagram.com\/reel\/DVd-cpqiCUl\/ - Mario Barth pr\u00e4sentiert auf RTL unvergessliche Stan-Ups der letzten Jahrzehnte! Mit dabei sind Atze Schr\u00f6der, R\u00fcdiger Hoffmann, Helge Schneider, Cindy aus Marzahn, Ren\u00e9 Marik und Herbert G\u00f6rgens\n#legendendercomedy #rtl #Wochenshow\" target=\"_blank\" rel=\"noreferrer\" class=\"ft-galleryemail-icon\" title=\"Share this post in your email\"><i class=\"fa fa-envelope\"><\/i><\/a><\/div><\/div>                                    <div class=\"fts-instagram-reply-wrap-left\">\n                                        <ul class='slicker-heart-comments-wrap'>\n                                            <li class='slicker-instagram-image-likes'>6 <\/li>\n                                            <li class='slicker-instagram-image-comments'>\n                                                <span class=\"fts-comment-instagram\"><\/span> 0                                            <\/li>\n                                        <\/ul>\n                                    <\/div>\n                                                        <\/div>\n                <\/div>\n                                                <div class=\"slicker-instagram-placeholder fts-instagram-wrapper\" style=\"background-image:url('https:\/\/scontent-fra5-2.cdninstagram.com\/v\/t51.71878-15\/619087473_1195135602774449_2474778987346905094_n.jpg?stp=dst-jpg_e35_tt6&#038;_nc_cat=109&#038;ccb=7-5&#038;_nc_sid=18de74&#038;efg=eyJlZmdfdGFnIjoiQ0xJUFMuYmVzdF9pbWFnZV91cmxnZW4uQzMifQ%3D%3D&#038;_nc_ohc=v3rlZu6JWdkQ7kNvwFLinOT&#038;_nc_oc=AdqqnO3vec27-1nA04H2IDGwmOfpYWFxHJFqktyefJ1J9JCjt2tg79SaqWinDEMAcN8&#038;_nc_zt=23&#038;_nc_ht=scontent-fra5-2.cdninstagram.com&#038;edm=AEQ6tj4EAAAA&#038;_nc_gid=EOOQ8QVRGnWyrEsU119taw&#038;_nc_tpa=Q5bMBQHig_pTE-8arA41IWvZGKKrO2bFLxwNzJJ_8D4Az6Q7nZqC8Lv25ooeH4-plV9C4FnGL9RsJNx3GA&#038;oh=00_Af4EnTuS5w6XMo7cgYENja_Zv8Qwq0TjFK4SoXrFGX4Cww&#038;oe=69FBC29E')\">\n                                            <a href='https:\/\/www.instagram.com\/reel\/DTsk2pwiFYp\/' title='Die Hasen hoppeln wieder! \nNach u\u0308ber 60 erfolgreichen Vorstellungen in Ko\u0308ln spielen wir ab dem 23.01.2026 bis zum 08.03.2026 \u201eEs ist nur eine Phase, Hase\u201c im Theater an der Ko\u0308 in Du\u0308sseldorf \ud83c\udfad\n\ud83c\udfab Tickets sind online erha\u0308ltlich - kommt vorbei(gehoppelt)! \n\ud83d\udc07\n@ingolf_lueck @theaterander.koe @phasehase' target=\"_blank\" rel=\"noreferrer\" class='fts-instagram-link-target fts-slicker-backg\n                         fts-instagram-img-link' style=\"height:65px !important; width:65px; line-height:65px; font-size:65px;\"><span class=\"fts-instagram-icon\" style=\"height:65px; width:65px; line-height:65px; font-size:65px;\"><\/span><\/a>\n                                                    <div class=\"fts-instagram-video-image-wrapper\"><div class=\"fts-instagram-video-image\"><\/div><\/div>\n                            \n                        <div class='slicker-date'>\n\n                            <div class=\"fts-insta-date-popup-grab\">\n                            Montag, Januar 19th, 2026 at 5:01p.m.                            <\/div>\n                        <\/div>\n                    <div class='slicker-instaG-backg-link'>\n\n                        <div class='slicker-instaG-photoshadow'><\/div>\n                    <\/div>\n                        <div class=\"fts-insta-likes-comments-grab-popup\">\n\n                            <div class=\"fts-share-wrap\"><a href=\"javascript:;\" class=\"ft-gallery-link-popup\" title=\"Social-Share-Optionen\"><\/a><div class=\"ft-gallery-share-wrap\"><a href=\"https:\/\/www.facebook.com\/sharer\/sharer.php?u=https:\/\/www.instagram.com\/reel\/DTsk2pwiFYp\/\" target=\"_blank\" rel=\"noreferrer\" class=\"ft-galleryfacebook-icon\" title=\"Share this post on Facebook\"><i class=\"fa fa-facebook-square\"><\/i><\/a><a href=\"https:\/\/twitter.com\/intent\/tweet?text=https:\/\/www.instagram.com\/reel\/DTsk2pwiFYp\/+Die Hasen hoppeln wieder! \nNach u\u0308ber 60 erfolgreichen Vorstellungen in Ko\u0308ln spielen wir ab dem 23.01.2026 bis zum 08.03.2026 \u201eEs ist nur eine Phase, Hase\u201c im Theater an der Ko\u0308 in Du\u0308sseldorf \ud83c\udfad\n\ud83c\udfab Tickets sind online erha\u0308ltlich - kommt vorbei(gehoppelt)! \n\ud83d\udc07\n@ingolf_lueck @theaterander.koe @phasehase\" target=\"_blank\" rel=\"noreferrer\" class=\"ft-gallerytwitter-icon\" title=\"Share this post on Twitter\"><i class=\"fa fa-twitter\"><\/i><\/a><a href=\"https:\/\/www.linkedin.com\/shareArticle?mini=true&amp;url=https:\/\/www.instagram.com\/reel\/DTsk2pwiFYp\/\" target=\"_blank\" rel=\"noreferrer\" class=\"ft-gallerylinkedin-icon\" title=\"Share this post on Linkedin\"><i class=\"fa fa-linkedin\"><\/i><\/a><a href=\"mailto:?subject=Shared Link&amp;body=https:\/\/www.instagram.com\/reel\/DTsk2pwiFYp\/ - Die Hasen hoppeln wieder! \nNach u\u0308ber 60 erfolgreichen Vorstellungen in Ko\u0308ln spielen wir ab dem 23.01.2026 bis zum 08.03.2026 \u201eEs ist nur eine Phase, Hase\u201c im Theater an der Ko\u0308 in Du\u0308sseldorf \ud83c\udfad\n\ud83c\udfab Tickets sind online erha\u0308ltlich - kommt vorbei(gehoppelt)! \n\ud83d\udc07\n@ingolf_lueck @theaterander.koe @phasehase\" target=\"_blank\" rel=\"noreferrer\" class=\"ft-galleryemail-icon\" title=\"Share this post in your email\"><i class=\"fa fa-envelope\"><\/i><\/a><\/div><\/div>                                    <div class=\"fts-instagram-reply-wrap-left\">\n                                        <ul class='slicker-heart-comments-wrap'>\n                                            <li class='slicker-instagram-image-likes'>4 <\/li>\n                                            <li class='slicker-instagram-image-comments'>\n                                                <span class=\"fts-comment-instagram\"><\/span> 0                                            <\/li>\n                                        <\/ul>\n                                    <\/div>\n                                                        <\/div>\n                <\/div>\n                                                <div class=\"slicker-instagram-placeholder fts-instagram-wrapper\" style=\"background-image:url('https:\/\/scontent-fra3-1.cdninstagram.com\/v\/t51.71878-15\/590396210_856270953678435_7674531409214508822_n.jpg?stp=dst-jpg_e35_tt6&#038;_nc_cat=105&#038;ccb=7-5&#038;_nc_sid=18de74&#038;efg=eyJlZmdfdGFnIjoiQ0xJUFMuYmVzdF9pbWFnZV91cmxnZW4uQzMifQ%3D%3D&#038;_nc_ohc=05fLjlp3Wb4Q7kNvwEm0aBM&#038;_nc_oc=Adqb1FOKHmKFZE2QEbHs9-thDAqOLpHAyFxzuPMAhvMcM1mt1o_8Hb2QegKx0qzOd64&#038;_nc_zt=23&#038;_nc_ht=scontent-fra3-1.cdninstagram.com&#038;edm=AEQ6tj4EAAAA&#038;_nc_gid=jUvnnoVLHnoOHkqx-_6CBQ&#038;_nc_tpa=Q5bMBQGuAJ2e-Vujcr7hNzw54-s2QQhXo7JGDLrocTXFb0wtMXa6UdgzlRsbz4pJyLLczCkBUgYYtbM2NQ&#038;oh=00_Af7qDZ6HUK07MsudrK6CtYDM2FEJl_mZzfBpw4hWpgQ4Nw&#038;oe=69FBB788')\">\n                                            <a href='https:\/\/www.instagram.com\/reel\/DSU5qXPCED4\/' title='Posted by @kaipflaume \nEine Hochzeit mitten im Dschungel auf Tanna Island \nin Vanuatu \ud83c\uddfb\ud83c\uddfa Das ha\u0308tten Jens @knossi und ich wirklich nie gedacht, dass wir das mal erleben werden. Vielen Dank an @ullalohmann , die uns nicht nur u\u0308berhaupt dahin gebracht, sondern uns auch auf dieser sehr besonderen Reise begleitet hat. Schaut euch das unbedingt an, dieses aus unserer Sicht besondere Leben , abseits jeder Zivilisation, diese unglaublichen Rituale und Traditionen. Den Link zu allen Folgen in der @ardmediathek findest du in meiner Bio. Ich freue mich auf dein Feedback. Schreib gerne in die Kommentare, was dich am meisten u\u0308berrascht und beeindruckt hat. \n.\n.\n.\n#DBIMDEUW #Hochzeit #Vanuatu #TannaIsland #Dschungel' target=\"_blank\" rel=\"noreferrer\" class='fts-instagram-link-target fts-slicker-backg\n                         fts-instagram-img-link' style=\"height:65px !important; width:65px; line-height:65px; font-size:65px;\"><span class=\"fts-instagram-icon\" style=\"height:65px; width:65px; line-height:65px; font-size:65px;\"><\/span><\/a>\n                                                    <div class=\"fts-instagram-video-image-wrapper\"><div class=\"fts-instagram-video-image\"><\/div><\/div>\n                            \n                        <div class='slicker-date'>\n\n                            <div class=\"fts-insta-date-popup-grab\">\n                            Dienstag, Dezember 16th, 2025 at 3:50p.m.                            <\/div>\n                        <\/div>\n                    <div class='slicker-instaG-backg-link'>\n\n                        <div class='slicker-instaG-photoshadow'><\/div>\n                    <\/div>\n                        <div class=\"fts-insta-likes-comments-grab-popup\">\n\n                            <div class=\"fts-share-wrap\"><a href=\"javascript:;\" class=\"ft-gallery-link-popup\" title=\"Social-Share-Optionen\"><\/a><div class=\"ft-gallery-share-wrap\"><a href=\"https:\/\/www.facebook.com\/sharer\/sharer.php?u=https:\/\/www.instagram.com\/reel\/DSU5qXPCED4\/\" target=\"_blank\" rel=\"noreferrer\" class=\"ft-galleryfacebook-icon\" title=\"Share this post on Facebook\"><i class=\"fa fa-facebook-square\"><\/i><\/a><a href=\"https:\/\/twitter.com\/intent\/tweet?text=https:\/\/www.instagram.com\/reel\/DSU5qXPCED4\/+Posted by @kaipflaume \nEine Hochzeit mitten im Dschungel auf Tanna Island \nin Vanuatu \ud83c\uddfb\ud83c\uddfa Das ha\u0308tten Jens @knossi und ich wirklich nie gedacht, dass wir das mal erleben werden. Vielen Dank an @ullalohmann , die uns nicht nur u\u0308berhaupt dahin gebracht, sondern uns auch auf dieser sehr besonderen Reise begleitet hat. Schaut euch das unbedingt an, dieses aus unserer Sicht besondere Leben , abseits jeder Zivilisation, diese unglaublichen Rituale und Traditionen. Den Link zu allen Folgen in der @ardmediathek findest du in meiner Bio. Ich freue mich auf dein Feedback. Schreib gerne in die Kommentare, was dich am meisten u\u0308berrascht und beeindruckt hat. \n.\n.\n.\n#DBIMDEUW #Hochzeit #Vanuatu #TannaIsland #Dschungel\" target=\"_blank\" rel=\"noreferrer\" class=\"ft-gallerytwitter-icon\" title=\"Share this post on Twitter\"><i class=\"fa fa-twitter\"><\/i><\/a><a href=\"https:\/\/www.linkedin.com\/shareArticle?mini=true&amp;url=https:\/\/www.instagram.com\/reel\/DSU5qXPCED4\/\" target=\"_blank\" rel=\"noreferrer\" class=\"ft-gallerylinkedin-icon\" title=\"Share this post on Linkedin\"><i class=\"fa fa-linkedin\"><\/i><\/a><a href=\"mailto:?subject=Shared Link&amp;body=https:\/\/www.instagram.com\/reel\/DSU5qXPCED4\/ - Posted by @kaipflaume \nEine Hochzeit mitten im Dschungel auf Tanna Island \nin Vanuatu \ud83c\uddfb\ud83c\uddfa Das ha\u0308tten Jens @knossi und ich wirklich nie gedacht, dass wir das mal erleben werden. Vielen Dank an @ullalohmann , die uns nicht nur u\u0308berhaupt dahin gebracht, sondern uns auch auf dieser sehr besonderen Reise begleitet hat. Schaut euch das unbedingt an, dieses aus unserer Sicht besondere Leben , abseits jeder Zivilisation, diese unglaublichen Rituale und Traditionen. Den Link zu allen Folgen in der @ardmediathek findest du in meiner Bio. Ich freue mich auf dein Feedback. Schreib gerne in die Kommentare, was dich am meisten u\u0308berrascht und beeindruckt hat. \n.\n.\n.\n#DBIMDEUW #Hochzeit #Vanuatu #TannaIsland #Dschungel\" target=\"_blank\" rel=\"noreferrer\" class=\"ft-galleryemail-icon\" title=\"Share this post in your email\"><i class=\"fa fa-envelope\"><\/i><\/a><\/div><\/div>                                    <div class=\"fts-instagram-reply-wrap-left\">\n                                        <ul class='slicker-heart-comments-wrap'>\n                                            <li class='slicker-instagram-image-likes'>11 <\/li>\n                                            <li class='slicker-instagram-image-comments'>\n                                                <span class=\"fts-comment-instagram\"><\/span> 0                                            <\/li>\n                                        <\/ul>\n                                    <\/div>\n                                                        <\/div>\n                <\/div>\n                    <\/div>                                        <script>\n                    \/\/ This needs to load here below the feed to load properly for\n                    \/\/ Elementor page preview, and also some types of tabs that use js to load.\n                    document.addEventListener(\"DOMContentLoaded\", function(event) {\n                        if (typeof slickremixImageResizing === 'function') {\n                            slickremixImageResizing();\n                        }\n                        if (typeof ftsShare === 'function') {\n                            ftsShare();\n                        }\n                    });\n                <\/script>\n                <\/div>\n\t\t\t\t<\/div>\n\t\t\t\t<\/div>\n\t\t\t\t<div class=\"elementor-element elementor-element-a21eb37 elementor-widget elementor-widget-spacer\" data-id=\"a21eb37\" data-element_type=\"widget\" data-widget_type=\"spacer.default\">\n\t\t\t\t<div class=\"elementor-widget-container\">\n\t\t\t\t\t<div class=\"elementor-spacer\">\n\t\t\t<div class=\"elementor-spacer-inner\"><\/div>\n\t\t<\/div>\n\t\t\t\t<\/div>\n\t\t\t\t<\/div>\n\t\t\t\t\t<\/div>\n\t\t<\/div>\n\t\t\t\t\t<\/div>\n\t\t<\/section>\n\t\t\t\t<section class=\"elementor-section elementor-top-section elementor-element elementor-element-c1f65b8 elementor-section-boxed elementor-section-height-default elementor-section-height-default\" data-id=\"c1f65b8\" data-element_type=\"section\">\n\t\t\t\t\t\t<div class=\"elementor-container elementor-column-gap-default\">\n\t\t\t\t\t<div class=\"elementor-column elementor-col-20 elementor-top-column elementor-element elementor-element-52d7737\" data-id=\"52d7737\" data-element_type=\"column\">\n\t\t\t<div class=\"elementor-widget-wrap elementor-element-populated\">\n\t\t\t\t\t\t<div class=\"elementor-element elementor-element-44ce248 elementor-hidden-mobile elementor-widget elementor-widget-image\" data-id=\"44ce248\" data-element_type=\"widget\" data-widget_type=\"image.default\">\n\t\t\t\t<div class=\"elementor-widget-container\">\n\t\t\t\t\t\t\t\t\t\t<figure class=\"wp-caption\">\n\t\t\t\t\t\t\t\t\t\t\t<a href=\"https:\/\/www.dieagentur-gmbh.de\/index.php\/kai-pflaume\/\">\n\t\t\t\t\t\t\t<img fetchpriority=\"high\" decoding=\"async\" width=\"780\" height=\"779\" src=\"https:\/\/www.dieagentur-gmbh.de\/images\/wer-weiss-denn-sowas-kai-pflaume.jpeg\" class=\"attachment-large size-large wp-image-4243\" alt=\"\" srcset=\"https:\/\/www.dieagentur-gmbh.de\/images\/wer-weiss-denn-sowas-kai-pflaume.jpeg 780w, https:\/\/www.dieagentur-gmbh.de\/images\/wer-weiss-denn-sowas-kai-pflaume-300x300.jpeg 300w, https:\/\/www.dieagentur-gmbh.de\/images\/wer-weiss-denn-sowas-kai-pflaume-150x150.jpeg 150w, https:\/\/www.dieagentur-gmbh.de\/images\/wer-weiss-denn-sowas-kai-pflaume-768x767.jpeg 768w\" sizes=\"(max-width: 780px) 100vw, 780px\" \/>\t\t\t\t\t\t\t\t<\/a>\n\t\t\t\t\t\t\t\t\t\t\t<figcaption class=\"widget-image-caption wp-caption-text\"><\/figcaption>\n\t\t\t\t\t\t\t\t\t\t<\/figure>\n\t\t\t\t\t\t\t<\/div>\n\t\t\t\t<\/div>\n\t\t\t\t\t<\/div>\n\t\t<\/div>\n\t\t\t\t<div class=\"elementor-column elementor-col-20 elementor-top-column elementor-element elementor-element-65499f0\" data-id=\"65499f0\" data-element_type=\"column\">\n\t\t\t<div class=\"elementor-widget-wrap elementor-element-populated\">\n\t\t\t\t\t\t<div class=\"elementor-element elementor-element-502dbd3 elementor-hidden-mobile elementor-widget elementor-widget-image\" data-id=\"502dbd3\" data-element_type=\"widget\" data-widget_type=\"image.default\">\n\t\t\t\t<div class=\"elementor-widget-container\">\n\t\t\t\t\t\t\t\t\t\t\t\t\t<img decoding=\"async\" width=\"843\" height=\"841\" src=\"https:\/\/www.dieagentur-gmbh.de\/images\/HMB-Homepage.jpeg\" class=\"attachment-large size-large wp-image-3575\" alt=\"\" srcset=\"https:\/\/www.dieagentur-gmbh.de\/images\/HMB-Homepage.jpeg 982w, https:\/\/www.dieagentur-gmbh.de\/images\/HMB-Homepage-300x300.jpeg 300w, https:\/\/www.dieagentur-gmbh.de\/images\/HMB-Homepage-150x150.jpeg 150w, https:\/\/www.dieagentur-gmbh.de\/images\/HMB-Homepage-768x766.jpeg 768w, https:\/\/www.dieagentur-gmbh.de\/images\/HMB-Homepage-230x230.jpeg 230w, https:\/\/www.dieagentur-gmbh.de\/images\/HMB-Homepage-380x380.jpeg 380w\" sizes=\"(max-width: 843px) 100vw, 843px\" \/>\t\t\t\t\t\t\t\t\t\t\t\t\t<\/div>\n\t\t\t\t<\/div>\n\t\t\t\t\t<\/div>\n\t\t<\/div>\n\t\t\t\t<div class=\"elementor-column elementor-col-20 elementor-top-column elementor-element elementor-element-21d8178\" data-id=\"21d8178\" data-element_type=\"column\">\n\t\t\t<div class=\"elementor-widget-wrap elementor-element-populated\">\n\t\t\t\t\t\t<div class=\"elementor-element elementor-element-cfad313 elementor-hidden-mobile elementor-widget elementor-widget-image\" data-id=\"cfad313\" data-element_type=\"widget\" data-widget_type=\"image.default\">\n\t\t\t\t<div class=\"elementor-widget-container\">\n\t\t\t\t\t\t\t\t\t\t\t\t\t\t<a href=\"https:\/\/www.instagram.com\/ingolf_lueck\/\">\n\t\t\t\t\t\t\t<img decoding=\"async\" src=\"https:\/\/www.dieagentur-gmbh.de\/images\/Ingolf-Lueck-3-e1732803025899.jpg\" title=\"Ingolf L\u00fcck-3\" alt=\"Ingolf L\u00fcck-3\" loading=\"lazy\" \/>\t\t\t\t\t\t\t\t<\/a>\n\t\t\t\t\t\t\t\t\t\t\t\t\t<\/div>\n\t\t\t\t<\/div>\n\t\t\t\t\t<\/div>\n\t\t<\/div>\n\t\t\t\t<div class=\"elementor-column elementor-col-20 elementor-top-column elementor-element elementor-element-009fde6\" data-id=\"009fde6\" data-element_type=\"column\">\n\t\t\t<div class=\"elementor-widget-wrap elementor-element-populated\">\n\t\t\t\t\t\t<div class=\"elementor-element elementor-element-6434880 elementor-hidden-mobile elementor-widget elementor-widget-image\" data-id=\"6434880\" data-element_type=\"widget\" data-widget_type=\"image.default\">\n\t\t\t\t<div class=\"elementor-widget-container\">\n\t\t\t\t\t\t\t\t\t\t\t\t\t\t<a href=\"https:\/\/www.instagram.com\/ralph_morgenstern\/\" https=\"\">\n\t\t\t\t\t\t\t<img decoding=\"async\" width=\"843\" height=\"834\" src=\"https:\/\/www.dieagentur-gmbh.de\/images\/Pressefoto-c-Stephan-Pick-1024x1013.jpg\" class=\"elementor-animation-grow attachment-large size-large wp-image-4399\" alt=\"\" srcset=\"https:\/\/www.dieagentur-gmbh.de\/images\/Pressefoto-c-Stephan-Pick-1024x1013.jpg 1024w, https:\/\/www.dieagentur-gmbh.de\/images\/Pressefoto-c-Stephan-Pick-300x297.jpg 300w, https:\/\/www.dieagentur-gmbh.de\/images\/Pressefoto-c-Stephan-Pick-768x760.jpg 768w, https:\/\/www.dieagentur-gmbh.de\/images\/Pressefoto-c-Stephan-Pick-1536x1519.jpg 1536w, https:\/\/www.dieagentur-gmbh.de\/images\/Pressefoto-c-Stephan-Pick.jpg 1922w\" sizes=\"(max-width: 843px) 100vw, 843px\" \/>\t\t\t\t\t\t\t\t<\/a>\n\t\t\t\t\t\t\t\t\t\t\t\t\t<\/div>\n\t\t\t\t<\/div>\n\t\t\t\t\t<\/div>\n\t\t<\/div>\n\t\t\t\t<div class=\"elementor-column elementor-col-20 elementor-top-column elementor-element elementor-element-ff8d187\" data-id=\"ff8d187\" data-element_type=\"column\">\n\t\t\t<div class=\"elementor-widget-wrap elementor-element-populated\">\n\t\t\t\t\t\t<div class=\"elementor-element elementor-element-f53d713 elementor-hidden-mobile elementor-widget elementor-widget-image\" data-id=\"f53d713\" data-element_type=\"widget\" data-widget_type=\"image.default\">\n\t\t\t\t<div class=\"elementor-widget-container\">\n\t\t\t\t\t\t\t\t\t\t\t\t\t\t<a href=\"https:\/\/www.instagram.com\/negah.amiri.official\/\">\n\t\t\t\t\t\t\t<img loading=\"lazy\" decoding=\"async\" width=\"843\" height=\"841\" src=\"https:\/\/www.dieagentur-gmbh.de\/images\/negah-amiri-1024x1022.png\" class=\"attachment-large size-large wp-image-4400\" alt=\"\" srcset=\"https:\/\/www.dieagentur-gmbh.de\/images\/negah-amiri-1024x1022.png 1024w, https:\/\/www.dieagentur-gmbh.de\/images\/negah-amiri-300x300.png 300w, https:\/\/www.dieagentur-gmbh.de\/images\/negah-amiri-150x150.png 150w, https:\/\/www.dieagentur-gmbh.de\/images\/negah-amiri-768x766.png 768w, https:\/\/www.dieagentur-gmbh.de\/images\/negah-amiri.png 1285w\" sizes=\"(max-width: 843px) 100vw, 843px\" \/>\t\t\t\t\t\t\t\t<\/a>\n\t\t\t\t\t\t\t\t\t\t\t\t\t<\/div>\n\t\t\t\t<\/div>\n\t\t\t\t\t<\/div>\n\t\t<\/div>\n\t\t\t\t\t<\/div>\n\t\t<\/section>\n\t\t\t\t<section class=\"elementor-section elementor-top-section elementor-element elementor-element-bc6b897 elementor-section-boxed elementor-section-height-default elementor-section-height-default\" data-id=\"bc6b897\" data-element_type=\"section\">\n\t\t\t\t\t\t<div class=\"elementor-container elementor-column-gap-default\">\n\t\t\t\t\t<div class=\"elementor-column elementor-col-100 elementor-top-column elementor-element elementor-element-450cec5\" data-id=\"450cec5\" data-element_type=\"column\">\n\t\t\t<div class=\"elementor-widget-wrap\">\n\t\t\t\t\t\t\t<\/div>\n\t\t<\/div>\n\t\t\t\t\t<\/div>\n\t\t<\/section>\n\t\t\t\t<\/div>\n\t\t","protected":false},"excerpt":{"rendered":"","protected":false},"author":1,"featured_media":0,"parent":0,"menu_order":0,"comment_status":"closed","ping_status":"closed","template":"","meta":{"footnotes":""},"class_list":["post-3843","page","type-page","status-publish","hentry"],"_links":{"self":[{"href":"https:\/\/www.dieagentur-gmbh.de\/index.php\/wp-json\/wp\/v2\/pages\/3843","targetHints":{"allow":["GET"]}}],"collection":[{"href":"https:\/\/www.dieagentur-gmbh.de\/index.php\/wp-json\/wp\/v2\/pages"}],"about":[{"href":"https:\/\/www.dieagentur-gmbh.de\/index.php\/wp-json\/wp\/v2\/types\/page"}],"author":[{"embeddable":true,"href":"https:\/\/www.dieagentur-gmbh.de\/index.php\/wp-json\/wp\/v2\/users\/1"}],"replies":[{"embeddable":true,"href":"https:\/\/www.dieagentur-gmbh.de\/index.php\/wp-json\/wp\/v2\/comments?post=3843"}],"version-history":[{"count":51,"href":"https:\/\/www.dieagentur-gmbh.de\/index.php\/wp-json\/wp\/v2\/pages\/3843\/revisions"}],"predecessor-version":[{"id":4471,"href":"https:\/\/www.dieagentur-gmbh.de\/index.php\/wp-json\/wp\/v2\/pages\/3843\/revisions\/4471"}],"wp:attachment":[{"href":"https:\/\/www.dieagentur-gmbh.de\/index.php\/wp-json\/wp\/v2\/media?parent=3843"}],"curies":[{"name":"wp","href":"https:\/\/api.w.org\/{rel}","templated":true}]}}